{"id":537,"date":"2019-12-20T23:01:38","date_gmt":"2019-12-20T22:01:38","guid":{"rendered":"https:\/\/www.ibg.cz\/?page_id=537"},"modified":"2021-11-11T12:31:07","modified_gmt":"2021-11-11T11:31:07","slug":"gdpr","status":"publish","type":"page","link":"https:\/\/www.ibg.cz\/hu\/gdpr","title":{"rendered":"GDPR"},"content":{"rendered":"<p><strong>Adatkezel\u00e9si \u00e9s adatv\u00e9delmi alapelvek<\/strong><\/p>\n<ol>\n<li><strong>A dokumentum c\u00e9lja \u00e9s a szem\u00e9lyes adatok v\u00e9delme<\/strong><\/li>\n<\/ol>\n<p>A weboldalakat, amelyeken \u00e9ppen tart\u00f3zkodik, az IBG MAGYARORSZ\u00c1G Kft. kezeli. (a tov\u00e1bbiakban csak \u201eC\u00e9g\u201c). C\u00e9g\u00fcnk kiemelt figyelmet szentel az \u00d6n szem\u00e9lyes adatai v\u00e9delm\u00e9nek az \u00e9rv\u00e9nyes \u00e9s hat\u00e1lyos jogszab\u00e1lyok \u00e9rtelm\u00e9ben, ezeket 2018.5.25-t\u0151l els\u0151sorban a 2016\/679 sz. uni\u00f3s rendelet (\u201e\u00e1ltal\u00e1nos adatv\u00e9delmi rendelet\u201d vagy \u201eGDPR\u201d) jelenti, amelyet Magyarorsz\u00e1gon tov\u00e1bbi jogszab\u00e1lyok eg\u00e9sz\u00edtenek ki.<\/p>\n<p>Ezeken a weboldalakon els\u0151sorban a szem\u00e9lyes adatai kezel\u00e9s\u00e9nek m\u00f3dj\u00e1r\u00f3l t\u00e1j\u00e9koztatjuk. Az adatkezel\u00e9s m\u00f3dja az \u00d6n \u00e9s a C\u00e9g k\u00f6z\u00f6tt fenn\u00e1ll\u00f3 viszonyt\u00f3l f\u00fcgg\u0151en v\u00e1ltozhat (pl. hogy \u00d6n besz\u00e1ll\u00edt\u00f3, \u00fcgyf\u00e9l, l\u00e1togat\u00f3 vagy \u00e1ll\u00e1skeres\u0151-e).<\/p>\n<ol start=\"2\">\n<li><strong>Az adatkezel\u0151<\/strong><\/li>\n<\/ol>\n<p>A nemzeti \u00e9s az uni\u00f3s jogszab\u00e1lyok \u00e9rtelm\u00e9ben az adatkezel\u0151 az<\/p>\n<p>IBG Magyarorsz\u00e1g Kft.,<\/p>\n<p>2117 ISASZEG,<\/p>\n<p>Szentgy\u00f6rgypuszta 015\/91 hrsz.,<\/p>\n<p>C\u00e9gjegyz\u00e9ksz\u00e1m: 13-09-173252<\/p>\n<p>(a tov\u00e1bbiakban csak \u201eC\u00e9g\u201c), Szem\u00e9lyes adatai kezel\u00e9se \u00e9s v\u00e9delme kapcs\u00e1n felmer\u00fcl\u0151 b\u00e1rmilyen k\u00e9rd\u00e9s eset\u00e9n l\u00e9pjen vel\u00fcnk kapcsolatba a: gdpr@ibg.hu e-mail-c\u00edmen vagy a 00-36-20-250-5845 telefonsz\u00e1mon.<\/p>\n<ol start=\"3\">\n<li><strong>Szem\u00e9lyes adatok kateg\u00f3ri\u00e1i<\/strong><\/li>\n<\/ol>\n<p>C\u00e9g\u00fcnk tev\u00e9kenys\u00e9gei sor\u00e1n szem\u00e9lyes adatok k\u00fcl\u00f6nb\u00f6z\u0151 kateg\u00f3ri\u00e1it dolgozza fel. Az \u00fcgyfeleinkre, besz\u00e1ll\u00edt\u00f3inkra \u00e9s egy\u00e9b harmadik felekre vonatkoz\u00f3 szem\u00e9lyes adatok kezel\u00e9s\u00e9nek t\u00falnyom\u00f3 r\u00e9sze a <strong>szolg\u00e1ltat\u00e1saink \u00e9s term\u00e9keink k\u00edn\u00e1lat\u00e1val, rendelkez\u00e9sre bocs\u00e1t\u00e1s\u00e1val \u00e9s sz\u00e1ll\u00edt\u00e1s\u00e1val<\/strong> kapcsolatos. Els\u0151sorban az al\u00e1bbi adatkateg\u00f3ri\u00e1kr\u00f3l sz\u00f3:<\/p>\n<ul>\n<li>Megsz\u00f3l\u00edt\u00e1si \u00e9s azonos\u00edt\u00e1si adatok (pl. kereszt- \u00e9s vezet\u00e9kn\u00e9v, sz\u00fclet\u00e9si id\u0151);<\/li>\n<li>El\u00e9rhet\u0151s\u00e9gi adatok (pl. telefonsz\u00e1m, lakc\u00edm, e-mail-c\u00edm);<\/li>\n<li>Fizet\u00e9ssel kapcsolatos adatok (pl. sz\u00e1mlasz\u00e1m);<\/li>\n<li>Le\u00edr\u00f3 jelleg\u0171 adatok a k\u00e9pi inform\u00e1ci\u00f3kat is bele\u00e9rtve;<\/li>\n<li>M\u00e1s szem\u00e9llyel kapcsolatos adatok.<\/li>\n<\/ul>\n<ol start=\"4\">\n<li><strong>Az adatkezel\u00e9s c\u00e9lja<\/strong><\/li>\n<\/ol>\n<p>A szem\u00e9lyesadat-kezel\u00e9s els\u0151sorban az al\u00e1bbi c\u00e9lokat k\u00f6veti:<\/p>\n<ol>\n<li>Kereskedelmi\/\u00fczleti tev\u00e9kenys\u00e9g \u00e9s az azzal kapcsolatos tev\u00e9kenys\u00e9gek. Ezek a tev\u00e9kenys\u00e9gek az al\u00e1bbiakat foglalj\u00e1k magukban:<\/li>\n<\/ol>\n<ul>\n<li>A szerz\u0151d\u00e9ses viszonnyal kapcsolatos t\u00e1rgyal\u00e1sok, amelyek a tulajdonk\u00e9ppeni szerz\u0151d\u00e9sk\u00f6t\u00e9sen k\u00edv\u00fcl a kalkul\u00e1ci\u00f3k, aj\u00e1nlatok \u00e9s megold\u00e1si javaslatok elk\u00e9sz\u00edt\u00e9s\u00e9t is magukban foglalj\u00e1k;<\/li>\n<li>Az \u00fcgyfelek ig\u00e9nyeinek \u00e9s k\u00f6vetelm\u00e9nyeinek azonos\u00edt\u00e1sa;<\/li>\n<li>Szerz\u0151d\u00e9sek kezel\u00e9se \u00e9s megsz\u00fcntet\u00e9se;<\/li>\n<\/ul>\n<ol start=\"2\">\n<li>\u00c1llami \u00e9s egy\u00e9b szervek, valamint jogszab\u00e1lyok \u00e1ltal szabott k\u00f6vetelm\u00e9nyek teljes\u00edt\u00e9se;<\/li>\n<li>A C\u00e9g jogainak \u00e9s jogos \u00e9rdekeinek v\u00e9delme;<\/li>\n<li>A C\u00e9g bels\u0151 adminisztrat\u00edv sz\u00fcks\u00e9gleteinek kiel\u00e9g\u00edt\u00e9se;<\/li>\n<li>A k\u00f6zvet\u00edt\u0151kkel \u00e9s \u00fczleti partnerekkel val\u00f3 kapcsolatok l\u00e9trehoz\u00e1sa, kezel\u00e9se \u00e9s megsz\u00fcntet\u00e9se;<\/li>\n<li>Fizikai eszk\u00f6z\u00f6k \u00e9s immateri\u00e1lis javak v\u00e9delme kamerafelv\u00e9telek biztos\u00edt\u00e1s\u00e1val;<\/li>\n<li>Szem\u00e9lyes adatok \u2013 az \u00fcgyfelek \u00e9s a munkav\u00e1llal\u00f3k szem\u00e9lyes adatait is bele\u00e9rtve \u2013 bels\u0151 adminisztrat\u00edv c\u00e9lokb\u00f3l t\u00f6rt\u00e9n\u0151 tov\u00e1bb\u00edt\u00e1sa az IBG csoporton bel\u00fcl;<\/li>\n<li><strong>Az adatkezel\u00e9s jogalapjai<\/strong><\/li>\n<\/ol>\n<p>C\u00e9g\u00fcnk az \u00edgy lek\u00e9rt \u00e9s beszerzett szem\u00e9lyes adatok kezel\u00e9s\u00e9t minden esetben a meghat\u00e1rozott adatkezel\u00e9si c\u00e9lokkal \u00f6sszhangban \u00e9s az al\u00e1bbi adatkezel\u00e9si jogalapok figyelembev\u00e9tel\u00e9vel v\u00e9gzi:<\/p>\n<ul>\n<li>Az adatkezel\u00e9s olyan szerz\u0151d\u00e9s teljes\u00edt\u00e9s\u00e9hez sz\u00fcks\u00e9ges, amelyn\u00e9l az egyik f\u00e9l az \u00e9rintett, vagy az a szerz\u0151d\u00e9s megk\u00f6t\u00e9s\u00e9t megel\u0151z\u0151en az \u00e9rintett k\u00e9r\u00e9s\u00e9re t\u00f6rt\u00e9n\u0151 l\u00e9p\u00e9sek megt\u00e9tel\u00e9hez sz\u00fcks\u00e9ges (az adatv\u00e9delmi rendelet 6. cikk 1. bek. b) bet\u0171je);<\/li>\n<li>Az adatkezel\u00e9s az adatkezel\u0151re vonatkoz\u00f3 jogi k\u00f6telezetts\u00e9g teljes\u00edt\u00e9se \u00e9rdek\u00e9ben sz\u00fcks\u00e9ges (az adatv\u00e9delmi rendelet 6. cikk 1. bek. c) bet\u0171je);<\/li>\n<li>Az adatkezel\u00e9s az adatkezel\u0151 vagy egy harmadik f\u00e9l jogos \u00e9rdekeinek \u00e9rv\u00e9nyes\u00edt\u00e9s\u00e9hez sz\u00fcks\u00e9ges, kiv\u00e9ve, ha ezen \u00e9rdekekkel szemben els\u0151bbs\u00e9get \u00e9lveznek az \u00e9rintett olyan \u00e9rdekei vagy alapvet\u0151 jogai \u00e9s szabads\u00e1gai, amelyek szem\u00e9lyes adatok v\u00e9delm\u00e9t teszik sz\u00fcks\u00e9gess\u00e9, k\u00fcl\u00f6n\u00f6sen, ha az \u00e9rintett gyermek (az adatv\u00e9delmi rendelet 6. cikk 1. bek. f) bet\u0171je);<\/li>\n<li>Az \u00e9rintett hozz\u00e1j\u00e1rul\u00e1s\u00e1t adta szem\u00e9lyes adatainak egy vagy t\u00f6bb konkr\u00e9t c\u00e9lb\u00f3l t\u00f6rt\u00e9n\u0151 kezel\u00e9s\u00e9hez (az adatv\u00e9delmi rendelet 6. cikk 1. bek. a) bet\u0171je).<\/li>\n<\/ul>\n<p><strong>Az adatkezel\u00e9s jogos \u00e9rdekek \u00e9rv\u00e9nyes\u00edt\u00e9se szempontj\u00e1b\u00f3l sz\u00fcks\u00e9ges<\/strong><\/p>\n<p>C\u00e9g\u00fcnk jogos \u00e9rdeken alapul\u00f3 szem\u00e9lyesadat-kezel\u00e9st v\u00e9gez, els\u0151sorban az al\u00e1bbiak biztos\u00edt\u00e1sa \u00e9rdek\u00e9ben:<\/p>\n<ul>\n<li>Az \u00fcgyfelek el\u00e9rhet\u0151s\u00e9gi adatainak \u00e1tad\u00e1sa alv\u00e1llalkoz\u00f3k sz\u00e1m\u00e1ra;<\/li>\n<li>Vagyonv\u00e9delem \u00e9s \u00e9p\u00fcletek v\u00e9delme kamerarendszerrel.<strong>\u00a0<\/strong><\/li>\n<\/ul>\n<p><strong>Az \u00e9rintett hozz\u00e1j\u00e1rul\u00e1s\u00e1n alapul\u00f3 adatkezel\u00e9s<\/strong><\/p>\n<p>C\u00e9g\u00fcnk nem v\u00e9gez \u00e9rintett hozz\u00e1j\u00e1rul\u00e1s\u00e1n alapul\u00f3 szem\u00e9lyesadat-kezel\u00e9st.<\/p>\n<ol start=\"6\">\n<li><strong>Szem\u00e9lyes adatok megoszt\u00e1sa<\/strong><\/li>\n<\/ol>\n<p>Az \u00fcgyfeleinkt\u0151l \u00e9s harmadik felekt\u0151l szerzett szem\u00e9lyes adatokat \u2013 amelyeket el\u0151zetes figyelmeztet\u00e9s \u00e9s hozz\u00e1j\u00e1rul\u00e1s n\u00e9lk\u00fcl v\u00e9d\u00fcnk harmadik felek r\u00e9sz\u00e9r\u0151l fenyeget\u0151 vissza\u00e9l\u00e9sek ellen \u2013 kiz\u00e1r\u00f3lag c\u00e9ges bels\u0151 sz\u00fcks\u00e9gleteink kiel\u00e9g\u00edt\u00e9s\u00e9re haszn\u00e1ljuk.<\/p>\n<p>Ez al\u00f3l kiv\u00e9telt k\u00e9peznek a IBG c\u00e9gcsoport tagjai (IBG \u010cesko s.r.o., IBG Slovensko s.r.o.), a C\u00e9g\u00fcnk sz\u00e1m\u00e1ra t\u00e1mogat\u00f3 szolg\u00e1ltat\u00e1sokat (sz\u00e1mvitel) ny\u00fajt\u00f3 k\u00fcls\u0151 c\u00e9gek, ellen\u0151rz\u0151 \u00e9s fel\u00fclvizsg\u00e1l\u00f3 c\u00e9gek, c\u00e9g\u00fcnk tev\u00e9kenys\u00e9gei szempontj\u00e1b\u00f3l elengedhetetlen\u00fcl fontos szolg\u00e1ltat\u00e1sokat (adminisztrat\u00edv, b\u00e9rsz\u00e1mfejt\u00e9si, archiv\u00e1l\u00e1si, jogi tan\u00e1csad\u00e1si, k\u00f6vetel\u00e9skezel\u00e9si stb. szolg\u00e1ltat\u00e1sokat) ny\u00fajt\u00f3 c\u00e9gek, valamint az \u00e1llami szervek \u00e9s az \u00f6nkorm\u00e1nyzatok.<\/p>\n<p>A fenti szolg\u00e1ltat\u00f3k mindegyik\u00e9n\u00e9l (\u00e1llami szerveken \u00e9s az \u00f6nkorm\u00e1nyzatokon k\u00edv\u00fcl) szerz\u0151d\u00e9ssel biztos\u00edtjuk, hogy az \u00d6n szem\u00e9lyes adatait az adatv\u00e9delmi k\u00f6vetelm\u00e9nyeinkkel \u00e9s az \u00e9rv\u00e9nyes jogszab\u00e1lyokkal \u00f6sszhangban kezelj\u00e9k.<\/p>\n<p>A szem\u00e9lyes adatokat kiz\u00e1r\u00f3lag az Eur\u00f3pai Uni\u00f3n bel\u00fcl dolgozzuk fel \u00fagy, hogy szavatolva legyen azok biztons\u00e1ga \u00e9s megfelel\u0151 v\u00e9delme.<\/p>\n<ol start=\"7\">\n<li><strong>Szem\u00e9lyes adatainak t\u00e1rol\u00e1si id\u0151tartama<\/strong><\/li>\n<\/ol>\n<p>Az \u00fcgyfeleink \u00e9s harmadik felek szem\u00e9lyes adatait csak a szerz\u0151d\u00e9s szerinti jogok \u00e9s k\u00f6telezetts\u00e9gek biztos\u00edt\u00e1s\u00e1hoz felt\u00e9tlen\u00fcl sz\u00fcks\u00e9ges, ill. az \u00e1ltal\u00e1nos \u00e9rv\u00e9ny\u0171 jogszab\u00e1lyokban el\u0151\u00edrt id\u0151tartamig kezelj\u00fck \u00e9s t\u00e1roljuk.<\/p>\n<p>Az \u00d6n \u00f6nk\u00e9ntes hozz\u00e1j\u00e1rul\u00e1sa alapj\u00e1n szerzett szem\u00e9lyes adatait a hozz\u00e1j\u00e1rul\u00e1s visszavon\u00e1s\u00e1ig kezelj\u00fck.<\/p>\n<ol start=\"8\">\n<li><strong>Az \u00d6n jogai<\/strong><\/li>\n<\/ol>\n<p>Szem\u00e9lyes adatai kezel\u00e9se kapcs\u00e1n \u00d6nnek jog\u00e1ban \u00e1ll:<\/p>\n<ul>\n<li>inform\u00e1ci\u00f3t ig\u00e9nyelni arr\u00f3l, mely szem\u00e9lyes adatait kezelj\u00fck, inform\u00e1ci\u00f3t k\u00e9rni a szem\u00e9lyesadat-kezel\u00e9s m\u00f3dj\u00e1r\u00f3l \u00e9s lek\u00e9rni az \u00e1ltalunk kezelt szem\u00e9lyes adatait (\u00fan. hozz\u00e1f\u00e9r\u00e9shez val\u00f3 jog);<\/li>\n<li>ig\u00e9nyelni szem\u00e9lyes adatainak jav\u00edt\u00e1s\u00e1t vagy kieg\u00e9sz\u00edt\u00e9s\u00e9t,<\/li>\n<li>ig\u00e9nyelni szem\u00e9lyes adatainak rendszereinkb\u0151l val\u00f3 t\u00f6rl\u00e9s\u00e9t, amennyiben:\n<ul>\n<li>azok tov\u00e1bbi kezel\u00e9se C\u00e9g\u00fcnk sz\u00e1m\u00e1ra nem sz\u00fcks\u00e9ges,<\/li>\n<li>\u00d6n visszavonta az adatkezel\u00e9shez adott hozz\u00e1j\u00e1rul\u00e1s\u00e1t,<\/li>\n<li>jogos kifog\u00e1st emelt adatai kezel\u00e9se ellen,<\/li>\n<li>azok kezel\u00e9se jogszer\u0171tlen\u00fcl t\u00f6rt\u00e9nt, vagy<\/li>\n<li>azok t\u00f6rl\u00e9s\u00e9t jogszab\u00e1ly \u00edrja el\u0151;<\/li>\n<\/ul>\n<\/li>\n<li>korl\u00e1tozni szem\u00e9lyes adatai kezel\u00e9s\u00e9t (pl. amennyiben \u00d6n \u00fagy v\u00e9lekedik, hogy az adatkezel\u00e9s jogszer\u0171tlen, C\u00e9g\u00fcnk pedig \u00e9ppen ellen\u0151rzi \u00e1ll\u00edt\u00e1sa helyt\u00e1ll\u00f3s\u00e1g\u00e1t, esetleg arra az id\u0151szakra, am\u00edg feldolgozzuk az adatkezel\u00e9s ellen tett kifog\u00e1s\u00e1t);<\/li>\n<li>visszavonni kor\u00e1bban adott adatkezel\u00e9si hozz\u00e1j\u00e1rul\u00e1s\u00e1t.<\/li>\n<\/ul>\n<p>&nbsp;<\/p>\n<p>Jog\u00e1ban \u00e1ll tov\u00e1bb\u00e1 tiltakozni szem\u00e9lyes adatai kezel\u00e9se ellen.<\/p>\n<p>Amennyiben a fenti jogok k\u00f6z\u00fcl \u00e9rv\u00e9nyes\u00edteni szeretn\u00e9 b\u00e1rmelyiket, l\u00e9pjen kapcsolatba C\u00e9g\u00fcnkkel a felt\u00fcntetett e-mail-c\u00edmen vagy postai c\u00edmen.<\/p>\n<p>C\u00e9g\u00fcnk t\u00e1j\u00e9koztatja \u00d6nt szem\u00e9lyes adatait \u00e9rint\u0151 adatv\u00e9delmi incidens eset\u00e9n, amennyiben az incidens az \u00d6n jogai \u00e9s k\u00f6telezetts\u00e9gei szempontj\u00e1b\u00f3l magas kock\u00e1zattal j\u00e1r.<\/p>\n<p>Panasz\u00e1val vagy k\u00e9rd\u00e9s\u00e9vel jog\u00e1ban \u00e1ll a Nemzeti Adatv\u00e9delmi \u00e9s Inform\u00e1ci\u00f3szabads\u00e1g Hat\u00f3s\u00e1ghoz fordulni a H-1125 Budapest, Szil\u00e1gyi Erzs\u00e9bet fasor 22\/C postai vagy az ugyfelszolgalat@naih.hu e-mail-c\u00edmen.<\/p>\n<p>&nbsp;<\/p>\n","protected":false},"excerpt":{"rendered":"<p>Adatkezel\u00e9si \u00e9s adatv\u00e9delmi alapelvek A dokumentum c\u00e9lja \u00e9s a szem\u00e9lyes adatok v\u00e9delme A weboldalakat, amelyeken \u00e9ppen tart\u00f3zkodik, az IBG MAGYARORSZ\u00c1G Kft. kezeli. (a tov\u00e1bbiakban csak \u201eC\u00e9g\u201c). C\u00e9g\u00fcnk kiemelt figyelmet szentel az \u00d6n szem\u00e9lyes adatai v\u00e9delm\u00e9nek az \u00e9rv\u00e9nyes \u00e9s hat\u00e1lyos jogszab\u00e1lyok \u00e9rtelm\u00e9ben, ezeket 2018.5.25-t\u0151l els\u0151sorban a 2016\/679 sz. uni\u00f3s rendelet (\u201e\u00e1ltal\u00e1nos adatv\u00e9delmi rendelet\u201d vagy \u201eGDPR\u201d) jelenti, [&hellip;]<\/p>\n","protected":false},"author":2,"featured_media":0,"parent":0,"menu_order":31,"comment_status":"closed","ping_status":"closed","template":"gdpr.php","meta":{"footnotes":""},"class_list":["post-537","page","type-page","status-publish","hentry"],"_links":{"self":[{"href":"https:\/\/www.ibg.cz\/hu\/wp-json\/wp\/v2\/pages\/537","targetHints":{"allow":["GET"]}}],"collection":[{"href":"https:\/\/www.ibg.cz\/hu\/wp-json\/wp\/v2\/pages"}],"about":[{"href":"https:\/\/www.ibg.cz\/hu\/wp-json\/wp\/v2\/types\/page"}],"author":[{"embeddable":true,"href":"https:\/\/www.ibg.cz\/hu\/wp-json\/wp\/v2\/users\/2"}],"replies":[{"embeddable":true,"href":"https:\/\/www.ibg.cz\/hu\/wp-json\/wp\/v2\/comments?post=537"}],"version-history":[{"count":0,"href":"https:\/\/www.ibg.cz\/hu\/wp-json\/wp\/v2\/pages\/537\/revisions"}],"wp:attachment":[{"href":"https:\/\/www.ibg.cz\/hu\/wp-json\/wp\/v2\/media?parent=537"}],"curies":[{"name":"wp","href":"https:\/\/api.w.org\/{rel}","templated":true}]}}